{"id":3086,"date":"2024-02-16T06:20:08","date_gmt":"2024-02-16T06:20:08","guid":{"rendered":"https:\/\/www.automotivepr.com\/nachrichten-blog\/"},"modified":"2024-07-10T16:48:53","modified_gmt":"2024-07-10T16:48:53","slug":"nachrichten-blog","status":"publish","type":"page","link":"https:\/\/www.automotivepr.com\/de\/nachrichten-blog\/","title":{"rendered":"Nachrichten\/Blog"},"content":{"rendered":"<div class=\"wpb-content-wrapper\"><p>[vc_row][vc_column]<div class=\"edgtf-blog-list-holder edgtf-grid-list edgtf-grid-masonry-list edgtf-bl-masonry edgtf-three-columns edgtf-disable-bottom-space edgtf-normal-space edgtf-bl-pag-no-pagination\"  data-type=masonry data-number-of-posts=-1 data-number-of-columns=three data-space-between-items=normal data-orderby=date data-order=DESC data-image-size=full data-title-tag=h3 data-excerpt-length=40 data-post-info-section=no data-post-info-image=yes data-post-info-author=yes data-post-info-date=yes data-post-info-category=yes data-post-info-comments=no data-post-info-like=no data-post-info-share=no data-pagination-type=no-pagination data-max-num-pages=0 data-next-page=2>\n\t<div class=\"edgtf-bl-wrapper edgtf-outer-space\">\n\t\t<ul class=\"edgtf-blog-list edgtf-masonry-list-wrapper\">\n\t\t\t<li class=\"edgtf-masonry-grid-sizer\"><\/li>\n\t\t\t<li class=\"edgtf-masonry-grid-gutter\"><\/li>\n\t\t\t<li class=\"edgtf-bl-item edgtf-item-space\">\n\t<div class=\"edgtf-bli-inner\">\n\t\t\n\t<div class=\"edgtf-post-image\">\n\t\t\t\t\t<a itemprop=\"url\" href=\"https:\/\/www.automotivepr.com\/de\/campana-de-comunicacion-del-triangulo-de-la-seguridad\/\" title=\"Kommunikationskampagne des Sicherheitsdreiecks\">\n\t\t\t\t\t<img loading=\"lazy\" decoding=\"async\" width=\"1600\" height=\"954\" src=\"https:\/\/www.automotivepr.com\/wp-content\/uploads\/2024\/02\/campana-de-comunicacion-del-triangulo-de-la-seguridad-rueda-de-prensa-min.jpg\" class=\"attachment-full size-full wp-post-image\" alt=\"\" srcset=\"https:\/\/www.automotivepr.com\/wp-content\/uploads\/2024\/02\/campana-de-comunicacion-del-triangulo-de-la-seguridad-rueda-de-prensa-min.jpg 1600w, https:\/\/www.automotivepr.com\/wp-content\/uploads\/2024\/02\/campana-de-comunicacion-del-triangulo-de-la-seguridad-rueda-de-prensa-min-300x179.jpg 300w, https:\/\/www.automotivepr.com\/wp-content\/uploads\/2024\/02\/campana-de-comunicacion-del-triangulo-de-la-seguridad-rueda-de-prensa-min-1024x611.jpg 1024w, https:\/\/www.automotivepr.com\/wp-content\/uploads\/2024\/02\/campana-de-comunicacion-del-triangulo-de-la-seguridad-rueda-de-prensa-min-768x458.jpg 768w, https:\/\/www.automotivepr.com\/wp-content\/uploads\/2024\/02\/campana-de-comunicacion-del-triangulo-de-la-seguridad-rueda-de-prensa-min-1536x916.jpg 1536w\" sizes=\"auto, (max-width: 1600px) 100vw, 1600px\" \/>\t\t\t\t\t<\/a>\n\t\t\t\t\t<\/div>\n        <div class=\"edgtf-bli-content\">\n            \t\n\t        \n<h3 itemprop=\"name\" class=\"entry-title edgtf-post-title\" >\n            <a itemprop=\"url\" href=\"https:\/\/www.automotivepr.com\/de\/campana-de-comunicacion-del-triangulo-de-la-seguridad\/\" title=\"Kommunikationskampagne des Sicherheitsdreiecks\">\n            Kommunikationskampagne des Sicherheitsdreiecks            <\/a>\n    <\/h3>\t\n\t        <div class=\"edgtf-bli-excerpt\">\n\t\t        \t\t<div class=\"edgtf-post-excerpt-holder\">\n\t\t\t<p itemprop=\"description\" class=\"edgtf-post-excerpt\">\n\t\t\t\tDie Kampagne \"Das Sicherheitsdreieck\" von CETRAA f\u00f6rderte die \u00dcberpr\u00fcfung von Schl\u00fcsselelementen der Verkehrssicherheit und erzielte gro\u00dfe Wirkung und Investitionsrendite.\t\t\t<\/p>\n\t\t<\/div>\n\t\t\t        \t<div class=\"edgtf-post-read-more-button\">\n\t\t<a itemprop=\"url\" href=\"https:\/\/www.automotivepr.com\/de\/campana-de-comunicacion-del-triangulo-de-la-seguridad\/\" target=\"_self\"  class=\"edgtf-btn edgtf-btn-medium edgtf-btn-simple edgtf-blog-list-button\" data-move=\"strict\" data-text=\"Read More\" >    <span class=\"edgtf-btn-text\">Read More<\/span>    <\/a>\t<\/div>\n\t        <\/div>\n        <\/div>\n\t<\/div>\n<\/li><li class=\"edgtf-bl-item edgtf-item-space\">\n\t<div class=\"edgtf-bli-inner\">\n\t\t\n\t<div class=\"edgtf-post-image\">\n\t\t\t\t\t<a itemprop=\"url\" href=\"https:\/\/www.automotivepr.com\/de\/die-kunden-von-fraikin-sprechen-lassen-die-kraft-der-kundengeschichten\/\" title=\"Die Kunden von Fraikin sprechen lassen: die Kraft der Kundengeschichten\">\n\t\t\t\t\t<img loading=\"lazy\" decoding=\"async\" width=\"2560\" height=\"1706\" src=\"https:\/\/www.automotivepr.com\/wp-content\/uploads\/2024\/02\/Fraikin-min-scaled.jpg\" class=\"attachment-full size-full wp-post-image\" alt=\"\" srcset=\"https:\/\/www.automotivepr.com\/wp-content\/uploads\/2024\/02\/Fraikin-min-scaled.jpg 2560w, https:\/\/www.automotivepr.com\/wp-content\/uploads\/2024\/02\/Fraikin-min-300x200.jpg 300w, https:\/\/www.automotivepr.com\/wp-content\/uploads\/2024\/02\/Fraikin-min-1024x683.jpg 1024w, https:\/\/www.automotivepr.com\/wp-content\/uploads\/2024\/02\/Fraikin-min-768x512.jpg 768w, https:\/\/www.automotivepr.com\/wp-content\/uploads\/2024\/02\/Fraikin-min-1536x1024.jpg 1536w\" sizes=\"auto, (max-width: 2560px) 100vw, 2560px\" \/>\t\t\t\t\t<\/a>\n\t\t\t\t\t<\/div>\n        <div class=\"edgtf-bli-content\">\n            \t\n\t        \n<h3 itemprop=\"name\" class=\"entry-title edgtf-post-title\" >\n            <a itemprop=\"url\" href=\"https:\/\/www.automotivepr.com\/de\/die-kunden-von-fraikin-sprechen-lassen-die-kraft-der-kundengeschichten\/\" title=\"Die Kunden von Fraikin sprechen lassen: die Kraft der Kundengeschichten\">\n            Die Kunden von Fraikin sprechen lassen: die Kraft der Kundengeschichten            <\/a>\n    <\/h3>\t\n\t        <div class=\"edgtf-bli-excerpt\">\n\t\t        \t\t<div class=\"edgtf-post-excerpt-holder\">\n\t\t\t<p itemprop=\"description\" class=\"edgtf-post-excerpt\">\n\t\t\t\tFraikin verbessert seinen Ruf, indem es Kundengeschichten teilt, reale Exzellenz aufzeigt und Vertrauen in der Branche aufbaut.\t\t\t<\/p>\n\t\t<\/div>\n\t\t\t        \t<div class=\"edgtf-post-read-more-button\">\n\t\t<a itemprop=\"url\" href=\"https:\/\/www.automotivepr.com\/de\/die-kunden-von-fraikin-sprechen-lassen-die-kraft-der-kundengeschichten\/\" target=\"_self\"  class=\"edgtf-btn edgtf-btn-medium edgtf-btn-simple edgtf-blog-list-button\" data-move=\"strict\" data-text=\"Read More\" >    <span class=\"edgtf-btn-text\">Read More<\/span>    <\/a>\t<\/div>\n\t        <\/div>\n        <\/div>\n\t<\/div>\n<\/li><li class=\"edgtf-bl-item edgtf-item-space\">\n\t<div class=\"edgtf-bli-inner\">\n\t\t\n\t<div class=\"edgtf-post-image\">\n\t\t\t\t\t<a itemprop=\"url\" href=\"https:\/\/www.automotivepr.com\/de\/behr-amerika\/\" title=\"Behr Amerika\">\n\t\t\t\t\t<img loading=\"lazy\" decoding=\"async\" width=\"1600\" height=\"1066\" src=\"https:\/\/www.automotivepr.com\/wp-content\/uploads\/2024\/01\/WhatsApp-Image-2024-02-08-at-12.15.31.jpeg\" class=\"attachment-full size-full wp-post-image\" alt=\"Behr America\" srcset=\"https:\/\/www.automotivepr.com\/wp-content\/uploads\/2024\/01\/WhatsApp-Image-2024-02-08-at-12.15.31.jpeg 1600w, https:\/\/www.automotivepr.com\/wp-content\/uploads\/2024\/01\/WhatsApp-Image-2024-02-08-at-12.15.31-300x200.jpeg 300w, https:\/\/www.automotivepr.com\/wp-content\/uploads\/2024\/01\/WhatsApp-Image-2024-02-08-at-12.15.31-1024x682.jpeg 1024w, https:\/\/www.automotivepr.com\/wp-content\/uploads\/2024\/01\/WhatsApp-Image-2024-02-08-at-12.15.31-768x512.jpeg 768w, https:\/\/www.automotivepr.com\/wp-content\/uploads\/2024\/01\/WhatsApp-Image-2024-02-08-at-12.15.31-1536x1023.jpeg 1536w\" sizes=\"auto, (max-width: 1600px) 100vw, 1600px\" \/>\t\t\t\t\t<\/a>\n\t\t\t\t\t<\/div>\n        <div class=\"edgtf-bli-content\">\n            \t\n\t        \n<h3 itemprop=\"name\" class=\"entry-title edgtf-post-title\" >\n            <a itemprop=\"url\" href=\"https:\/\/www.automotivepr.com\/de\/behr-amerika\/\" title=\"Behr Amerika\">\n            Behr Amerika            <\/a>\n    <\/h3>\t\n\t        <div class=\"edgtf-bli-excerpt\">\n\t\t        \t\t<div class=\"edgtf-post-excerpt-holder\">\n\t\t\t<p itemprop=\"description\" class=\"edgtf-post-excerpt\">\n\t\t\t\tDie Behr-Gruppe verbesserte das Bewusstsein f\u00fcr ihre Technologie in Nordamerika, angetrieben durch die Agentur AutoCom und sp\u00e4ter von MAHLE \u00fcbernommen.\t\t\t<\/p>\n\t\t<\/div>\n\t\t\t        \t<div class=\"edgtf-post-read-more-button\">\n\t\t<a itemprop=\"url\" href=\"https:\/\/www.automotivepr.com\/de\/behr-amerika\/\" target=\"_self\"  class=\"edgtf-btn edgtf-btn-medium edgtf-btn-simple edgtf-blog-list-button\" data-move=\"strict\" data-text=\"Read More\" >    <span class=\"edgtf-btn-text\">Read More<\/span>    <\/a>\t<\/div>\n\t        <\/div>\n        <\/div>\n\t<\/div>\n<\/li><li class=\"edgtf-bl-item edgtf-item-space\">\n\t<div class=\"edgtf-bli-inner\">\n\t\t\n\t<div class=\"edgtf-post-image\">\n\t\t\t\t\t<a itemprop=\"url\" href=\"https:\/\/www.automotivepr.com\/de\/spanischer-automobil-aftersales-bei-futurmotive-mit-hilfe-von-fa-comunicacion\/\" title=\"Spanischer Automobil-Aftersales bei Futurmotive\">\n\t\t\t\t\t<img loading=\"lazy\" decoding=\"async\" width=\"2560\" height=\"1920\" src=\"https:\/\/www.automotivepr.com\/wp-content\/uploads\/2024\/02\/IMG_0432-min-scaled.jpg\" class=\"attachment-full size-full wp-post-image\" alt=\"\" srcset=\"https:\/\/www.automotivepr.com\/wp-content\/uploads\/2024\/02\/IMG_0432-min-scaled.jpg 2560w, https:\/\/www.automotivepr.com\/wp-content\/uploads\/2024\/02\/IMG_0432-min-300x225.jpg 300w, https:\/\/www.automotivepr.com\/wp-content\/uploads\/2024\/02\/IMG_0432-min-1024x768.jpg 1024w, https:\/\/www.automotivepr.com\/wp-content\/uploads\/2024\/02\/IMG_0432-min-768x576.jpg 768w, https:\/\/www.automotivepr.com\/wp-content\/uploads\/2024\/02\/IMG_0432-min-1536x1152.jpg 1536w\" sizes=\"auto, (max-width: 2560px) 100vw, 2560px\" \/>\t\t\t\t\t<\/a>\n\t\t\t\t\t<\/div>\n        <div class=\"edgtf-bli-content\">\n            \t\n\t        \n<h3 itemprop=\"name\" class=\"entry-title edgtf-post-title\" >\n            <a itemprop=\"url\" href=\"https:\/\/www.automotivepr.com\/de\/spanischer-automobil-aftersales-bei-futurmotive-mit-hilfe-von-fa-comunicacion\/\" title=\"Spanischer Automobil-Aftersales bei Futurmotive\">\n            Spanischer Automobil-Aftersales bei Futurmotive            <\/a>\n    <\/h3>\t\n\t        <div class=\"edgtf-bli-excerpt\">\n\t\t        \t\t<div class=\"edgtf-post-excerpt-holder\">\n\t\t\t<p itemprop=\"description\" class=\"edgtf-post-excerpt\">\n\t\t\t\tFA comunicaci\u00f3n f\u00fchrte die spanische Pr\u00e4senz bei Futurmotive an und st\u00e4rkte die Bindungen im globalen Automobilnachmarkt.\t\t\t<\/p>\n\t\t<\/div>\n\t\t\t        \t<div class=\"edgtf-post-read-more-button\">\n\t\t<a itemprop=\"url\" href=\"https:\/\/www.automotivepr.com\/de\/spanischer-automobil-aftersales-bei-futurmotive-mit-hilfe-von-fa-comunicacion\/\" target=\"_self\"  class=\"edgtf-btn edgtf-btn-medium edgtf-btn-simple edgtf-blog-list-button\" data-move=\"strict\" data-text=\"Read More\" >    <span class=\"edgtf-btn-text\">Read More<\/span>    <\/a>\t<\/div>\n\t        <\/div>\n        <\/div>\n\t<\/div>\n<\/li><li class=\"edgtf-bl-item edgtf-item-space\">\n\t<div class=\"edgtf-bli-inner\">\n\t\t\n\t<div class=\"edgtf-post-image\">\n\t\t\t\t\t<a itemprop=\"url\" href=\"https:\/\/www.automotivepr.com\/de\/grammer-case-study\/\" title=\"Grammer Fallstudie\">\n\t\t\t\t\t<img loading=\"lazy\" decoding=\"async\" width=\"822\" height=\"616\" src=\"https:\/\/www.automotivepr.com\/wp-content\/uploads\/2024\/12\/Imagen3-min.png\" class=\"attachment-full size-full wp-post-image\" alt=\"Grammer Case Study\" srcset=\"https:\/\/www.automotivepr.com\/wp-content\/uploads\/2024\/12\/Imagen3-min.png 822w, https:\/\/www.automotivepr.com\/wp-content\/uploads\/2024\/12\/Imagen3-min-300x225.png 300w, https:\/\/www.automotivepr.com\/wp-content\/uploads\/2024\/12\/Imagen3-min-768x576.png 768w\" sizes=\"auto, (max-width: 822px) 100vw, 822px\" \/>\t\t\t\t\t<\/a>\n\t\t\t\t\t<\/div>\n        <div class=\"edgtf-bli-content\">\n            \t\n\t        \n<h3 itemprop=\"name\" class=\"entry-title edgtf-post-title\" >\n            <a itemprop=\"url\" href=\"https:\/\/www.automotivepr.com\/de\/grammer-case-study\/\" title=\"Grammer Fallstudie\">\n            Grammer Fallstudie            <\/a>\n    <\/h3>\t\n\t        <div class=\"edgtf-bli-excerpt\">\n\t\t        \t\t<div class=\"edgtf-post-excerpt-holder\">\n\t\t\t<p itemprop=\"description\" class=\"edgtf-post-excerpt\">\n\t\t\t\tGrammer AG zielte darauf ab, seine Pr\u00e4senz in den USA zu erh\u00f6hen, indem es PR nutzte, um wichtige Automobilmedien anzusprechen.\t\t\t<\/p>\n\t\t<\/div>\n\t\t\t        \t<div class=\"edgtf-post-read-more-button\">\n\t\t<a itemprop=\"url\" href=\"https:\/\/www.automotivepr.com\/de\/grammer-case-study\/\" target=\"_self\"  class=\"edgtf-btn edgtf-btn-medium edgtf-btn-simple edgtf-blog-list-button\" data-move=\"strict\" data-text=\"Read More\" >    <span class=\"edgtf-btn-text\">Read More<\/span>    <\/a>\t<\/div>\n\t        <\/div>\n        <\/div>\n\t<\/div>\n<\/li><li class=\"edgtf-bl-item edgtf-item-space\">\n\t<div class=\"edgtf-bli-inner\">\n\t\t\n\t<div class=\"edgtf-post-image\">\n\t\t\t\t\t<a itemprop=\"url\" href=\"https:\/\/www.automotivepr.com\/de\/jede-menge-versicherungsschutz-fuer-einride\/\" title=\"Jede Menge Versicherungsschutz f\u00fcr Einride\">\n\t\t\t\t\t<img loading=\"lazy\" decoding=\"async\" width=\"2500\" height=\"2052\" src=\"https:\/\/www.automotivepr.com\/wp-content\/uploads\/2024\/02\/Einride-min.png\" class=\"attachment-full size-full wp-post-image\" alt=\"Truckloads of coverage for Einride\" srcset=\"https:\/\/www.automotivepr.com\/wp-content\/uploads\/2024\/02\/Einride-min.png 2500w, https:\/\/www.automotivepr.com\/wp-content\/uploads\/2024\/02\/Einride-min-300x246.png 300w, https:\/\/www.automotivepr.com\/wp-content\/uploads\/2024\/02\/Einride-min-1024x840.png 1024w, https:\/\/www.automotivepr.com\/wp-content\/uploads\/2024\/02\/Einride-min-768x630.png 768w, https:\/\/www.automotivepr.com\/wp-content\/uploads\/2024\/02\/Einride-min-1536x1261.png 1536w\" sizes=\"auto, (max-width: 2500px) 100vw, 2500px\" \/>\t\t\t\t\t<\/a>\n\t\t\t\t\t<\/div>\n        <div class=\"edgtf-bli-content\">\n            \t\n\t        \n<h3 itemprop=\"name\" class=\"entry-title edgtf-post-title\" >\n            <a itemprop=\"url\" href=\"https:\/\/www.automotivepr.com\/de\/jede-menge-versicherungsschutz-fuer-einride\/\" title=\"Jede Menge Versicherungsschutz f\u00fcr Einride\">\n            Jede Menge Versicherungsschutz f\u00fcr Einride            <\/a>\n    <\/h3>\t\n\t        <div class=\"edgtf-bli-excerpt\">\n\t\t        \t\t<div class=\"edgtf-post-excerpt-holder\">\n\t\t\t<p itemprop=\"description\" class=\"edgtf-post-excerpt\">\n\t\t\t\tDas schwedische Unternehmen Einride startete im Benelux-Raum, f\u00fchrte elektrische, autonome Lkw ein und erlangte erhebliche Medienaufmerksamkeit und Branchenanerkennung.\t\t\t<\/p>\n\t\t<\/div>\n\t\t\t        \t<div class=\"edgtf-post-read-more-button\">\n\t\t<a itemprop=\"url\" href=\"https:\/\/www.automotivepr.com\/de\/jede-menge-versicherungsschutz-fuer-einride\/\" target=\"_self\"  class=\"edgtf-btn edgtf-btn-medium edgtf-btn-simple edgtf-blog-list-button\" data-move=\"strict\" data-text=\"Read More\" >    <span class=\"edgtf-btn-text\">Read More<\/span>    <\/a>\t<\/div>\n\t        <\/div>\n        <\/div>\n\t<\/div>\n<\/li><li class=\"edgtf-bl-item edgtf-item-space\">\n\t<div class=\"edgtf-bli-inner\">\n\t\t\n\t<div class=\"edgtf-post-image\">\n\t\t\t\t\t<a itemprop=\"url\" href=\"https:\/\/www.automotivepr.com\/de\/fallstudie-der-paice-corporation\/\" title=\"Fallstudie der Paice Corporation\">\n\t\t\t\t\t<img loading=\"lazy\" decoding=\"async\" width=\"671\" height=\"371\" src=\"https:\/\/www.automotivepr.com\/wp-content\/uploads\/2024\/12\/Imagen5-min.png\" class=\"attachment-full size-full wp-post-image\" alt=\"Paice Corporation Case Study\" srcset=\"https:\/\/www.automotivepr.com\/wp-content\/uploads\/2024\/12\/Imagen5-min.png 671w, https:\/\/www.automotivepr.com\/wp-content\/uploads\/2024\/12\/Imagen5-min-300x166.png 300w\" sizes=\"auto, (max-width: 671px) 100vw, 671px\" \/>\t\t\t\t\t<\/a>\n\t\t\t\t\t<\/div>\n        <div class=\"edgtf-bli-content\">\n            \t\n\t        \n<h3 itemprop=\"name\" class=\"entry-title edgtf-post-title\" >\n            <a itemprop=\"url\" href=\"https:\/\/www.automotivepr.com\/de\/fallstudie-der-paice-corporation\/\" title=\"Fallstudie der Paice Corporation\">\n            Fallstudie der Paice Corporation            <\/a>\n    <\/h3>\t\n\t        <div class=\"edgtf-bli-excerpt\">\n\t\t        \t\t<div class=\"edgtf-post-excerpt-holder\">\n\t\t\t<p itemprop=\"description\" class=\"edgtf-post-excerpt\">\n\t\t\t\tPaice Corporation hat sich auf einem Automobilseminar mit ihrem Hyperdrive hervorgetan und ihr Potenzial f\u00fcr Innovationen bei Hybriden gezeigt.\t\t\t<\/p>\n\t\t<\/div>\n\t\t\t        \t<div class=\"edgtf-post-read-more-button\">\n\t\t<a itemprop=\"url\" href=\"https:\/\/www.automotivepr.com\/de\/fallstudie-der-paice-corporation\/\" target=\"_self\"  class=\"edgtf-btn edgtf-btn-medium edgtf-btn-simple edgtf-blog-list-button\" data-move=\"strict\" data-text=\"Read More\" >    <span class=\"edgtf-btn-text\">Read More<\/span>    <\/a>\t<\/div>\n\t        <\/div>\n        <\/div>\n\t<\/div>\n<\/li><li class=\"edgtf-bl-item edgtf-item-space\">\n\t<div class=\"edgtf-bli-inner\">\n\t\t\n\t<div class=\"edgtf-post-image\">\n\t\t\t\t\t<a itemprop=\"url\" href=\"https:\/\/www.automotivepr.com\/de\/markteinfuehrung-von-omoda-5-j7\/\" title=\"Markteinf\u00fchrung von OMODA 5 &amp; J7\">\n\t\t\t\t\t<img loading=\"lazy\" decoding=\"async\" width=\"2560\" height=\"1418\" src=\"https:\/\/www.automotivepr.com\/wp-content\/uploads\/2024\/02\/OMODA-min-scaled.jpeg\" class=\"attachment-full size-full wp-post-image\" alt=\"Market launch OMODA 5 &amp; J7\" srcset=\"https:\/\/www.automotivepr.com\/wp-content\/uploads\/2024\/02\/OMODA-min-scaled.jpeg 2560w, https:\/\/www.automotivepr.com\/wp-content\/uploads\/2024\/02\/OMODA-min-300x166.jpeg 300w, https:\/\/www.automotivepr.com\/wp-content\/uploads\/2024\/02\/OMODA-min-1024x567.jpeg 1024w, https:\/\/www.automotivepr.com\/wp-content\/uploads\/2024\/02\/OMODA-min-768x426.jpeg 768w, https:\/\/www.automotivepr.com\/wp-content\/uploads\/2024\/02\/OMODA-min-1536x851.jpeg 1536w\" sizes=\"auto, (max-width: 2560px) 100vw, 2560px\" \/>\t\t\t\t\t<\/a>\n\t\t\t\t\t<\/div>\n        <div class=\"edgtf-bli-content\">\n            \t\n\t        \n<h3 itemprop=\"name\" class=\"entry-title edgtf-post-title\" >\n            <a itemprop=\"url\" href=\"https:\/\/www.automotivepr.com\/de\/markteinfuehrung-von-omoda-5-j7\/\" title=\"Markteinf\u00fchrung von OMODA 5 &amp; J7\">\n            Markteinf\u00fchrung von OMODA 5 &amp; J7            <\/a>\n    <\/h3>\t\n\t        <div class=\"edgtf-bli-excerpt\">\n\t\t        \t\t<div class=\"edgtf-post-excerpt-holder\">\n\t\t\t<p itemprop=\"description\" class=\"edgtf-post-excerpt\">\n\t\t\t\tCherys Werbestrategien in Belgien f\u00fchrten zu einer erheblichen Medienpr\u00e4senz f\u00fcr die Modelle OMODA 5 und J7 und bildeten die Grundlage f\u00fcr die Pr\u00e4senz der Marke.\t\t\t<\/p>\n\t\t<\/div>\n\t\t\t        \t<div class=\"edgtf-post-read-more-button\">\n\t\t<a itemprop=\"url\" href=\"https:\/\/www.automotivepr.com\/de\/markteinfuehrung-von-omoda-5-j7\/\" target=\"_self\"  class=\"edgtf-btn edgtf-btn-medium edgtf-btn-simple edgtf-blog-list-button\" data-move=\"strict\" data-text=\"Read More\" >    <span class=\"edgtf-btn-text\">Read More<\/span>    <\/a>\t<\/div>\n\t        <\/div>\n        <\/div>\n\t<\/div>\n<\/li>\t\t<\/ul>\n\t<\/div>\n\t<\/div>[\/vc_column][\/vc_row]<\/p>\n<\/div>","protected":false},"excerpt":{"rendered":"<p>[vc_row][vc_column][\/vc_column][\/vc_row]<\/p>\n","protected":false},"author":4,"featured_media":0,"parent":0,"menu_order":0,"comment_status":"closed","ping_status":"closed","template":"","meta":{"footnotes":""},"class_list":["post-3086","page","type-page","status-publish","hentry"],"yoast_head":"<!-- This site is optimized with the Yoast SEO plugin v26.9 - https:\/\/yoast.com\/product\/yoast-seo-wordpress\/ -->\n<title>Nachrichten\/Blog | Automotive Pr<\/title>\n<meta name=\"description\" content=\"Nachrichten\/Blog\" \/>\n<meta name=\"robots\" content=\"index, follow, max-snippet:-1, max-image-preview:large, max-video-preview:-1\" \/>\n<link rel=\"canonical\" href=\"https:\/\/www.automotivepr.com\/de\/nachrichten-blog\/\" \/>\n<meta property=\"og:locale\" content=\"de_DE\" \/>\n<meta property=\"og:type\" content=\"article\" \/>\n<meta property=\"og:title\" content=\"Nachrichten\/Blog | Automotive Pr\" \/>\n<meta property=\"og:description\" content=\"Nachrichten\/Blog\" \/>\n<meta property=\"og:url\" content=\"https:\/\/www.automotivepr.com\/de\/nachrichten-blog\/\" \/>\n<meta property=\"og:site_name\" content=\"Automotive Pr\" \/>\n<meta property=\"article:modified_time\" content=\"2024-07-10T16:48:53+00:00\" \/>\n<meta property=\"og:image\" content=\"https:\/\/www.automotivepr.com\/wp-content\/uploads\/2024\/02\/prueba.png\" \/>\n\t<meta property=\"og:image:width\" content=\"415\" \/>\n\t<meta property=\"og:image:height\" content=\"100\" \/>\n\t<meta property=\"og:image:type\" content=\"image\/png\" \/>\n<meta name=\"twitter:card\" content=\"summary_large_image\" \/>\n<meta name=\"twitter:label1\" content=\"Gesch\u00e4tzte Lesezeit\" \/>\n\t<meta name=\"twitter:data1\" content=\"1\u00a0Minute\" \/>\n<script type=\"application\/ld+json\" class=\"yoast-schema-graph\">{\"@context\":\"https:\/\/schema.org\",\"@graph\":[{\"@type\":\"WebPage\",\"@id\":\"https:\/\/www.automotivepr.com\/de\/nachrichten-blog\/\",\"url\":\"https:\/\/www.automotivepr.com\/de\/nachrichten-blog\/\",\"name\":\"Nachrichten\/Blog | Automotive Pr\",\"isPartOf\":{\"@id\":\"https:\/\/www.automotivepr.com\/#website\"},\"datePublished\":\"2024-02-16T06:20:08+00:00\",\"dateModified\":\"2024-07-10T16:48:53+00:00\",\"description\":\"Nachrichten\/Blog\",\"breadcrumb\":{\"@id\":\"https:\/\/www.automotivepr.com\/de\/nachrichten-blog\/#breadcrumb\"},\"inLanguage\":\"de\",\"potentialAction\":[{\"@type\":\"ReadAction\",\"target\":[\"https:\/\/www.automotivepr.com\/de\/nachrichten-blog\/\"]}]},{\"@type\":\"BreadcrumbList\",\"@id\":\"https:\/\/www.automotivepr.com\/de\/nachrichten-blog\/#breadcrumb\",\"itemListElement\":[{\"@type\":\"ListItem\",\"position\":1,\"name\":\"Portada\",\"item\":\"https:\/\/www.automotivepr.com\/de\/\"},{\"@type\":\"ListItem\",\"position\":2,\"name\":\"Nachrichten\/Blog\"}]},{\"@type\":\"WebSite\",\"@id\":\"https:\/\/www.automotivepr.com\/#website\",\"url\":\"https:\/\/www.automotivepr.com\/\",\"name\":\"Automotive Pr\",\"description\":\"Driving Global Communications | Automotive PR is a global partnership of specialist communications agencies serving clients in every major automotive market.\",\"publisher\":{\"@id\":\"https:\/\/www.automotivepr.com\/#organization\"},\"alternateName\":\"Automotive Pr Driving Global Communications\",\"potentialAction\":[{\"@type\":\"SearchAction\",\"target\":{\"@type\":\"EntryPoint\",\"urlTemplate\":\"https:\/\/www.automotivepr.com\/?s={search_term_string}\"},\"query-input\":{\"@type\":\"PropertyValueSpecification\",\"valueRequired\":true,\"valueName\":\"search_term_string\"}}],\"inLanguage\":\"de\"},{\"@type\":\"Organization\",\"@id\":\"https:\/\/www.automotivepr.com\/#organization\",\"name\":\"Automotive Pr\",\"alternateName\":\"Automotive Pr Driving Global Communications\",\"url\":\"https:\/\/www.automotivepr.com\/\",\"logo\":{\"@type\":\"ImageObject\",\"inLanguage\":\"de\",\"@id\":\"https:\/\/www.automotivepr.com\/#\/schema\/logo\/image\/\",\"url\":\"https:\/\/www.automotivepr.com\/wp-content\/uploads\/2024\/02\/prueba.png\",\"contentUrl\":\"https:\/\/www.automotivepr.com\/wp-content\/uploads\/2024\/02\/prueba.png\",\"width\":415,\"height\":100,\"caption\":\"Automotive Pr\"},\"image\":{\"@id\":\"https:\/\/www.automotivepr.com\/#\/schema\/logo\/image\/\"}}]}<\/script>\n<!-- \/ Yoast SEO plugin. -->","yoast_head_json":{"title":"Nachrichten\/Blog | Automotive Pr","description":"Nachrichten\/Blog","robots":{"index":"index","follow":"follow","max-snippet":"max-snippet:-1","max-image-preview":"max-image-preview:large","max-video-preview":"max-video-preview:-1"},"canonical":"https:\/\/www.automotivepr.com\/de\/nachrichten-blog\/","og_locale":"de_DE","og_type":"article","og_title":"Nachrichten\/Blog | Automotive Pr","og_description":"Nachrichten\/Blog","og_url":"https:\/\/www.automotivepr.com\/de\/nachrichten-blog\/","og_site_name":"Automotive Pr","article_modified_time":"2024-07-10T16:48:53+00:00","og_image":[{"width":415,"height":100,"url":"https:\/\/www.automotivepr.com\/wp-content\/uploads\/2024\/02\/prueba.png","type":"image\/png"}],"twitter_card":"summary_large_image","twitter_misc":{"Gesch\u00e4tzte Lesezeit":"1\u00a0Minute"},"schema":{"@context":"https:\/\/schema.org","@graph":[{"@type":"WebPage","@id":"https:\/\/www.automotivepr.com\/de\/nachrichten-blog\/","url":"https:\/\/www.automotivepr.com\/de\/nachrichten-blog\/","name":"Nachrichten\/Blog | Automotive Pr","isPartOf":{"@id":"https:\/\/www.automotivepr.com\/#website"},"datePublished":"2024-02-16T06:20:08+00:00","dateModified":"2024-07-10T16:48:53+00:00","description":"Nachrichten\/Blog","breadcrumb":{"@id":"https:\/\/www.automotivepr.com\/de\/nachrichten-blog\/#breadcrumb"},"inLanguage":"de","potentialAction":[{"@type":"ReadAction","target":["https:\/\/www.automotivepr.com\/de\/nachrichten-blog\/"]}]},{"@type":"BreadcrumbList","@id":"https:\/\/www.automotivepr.com\/de\/nachrichten-blog\/#breadcrumb","itemListElement":[{"@type":"ListItem","position":1,"name":"Portada","item":"https:\/\/www.automotivepr.com\/de\/"},{"@type":"ListItem","position":2,"name":"Nachrichten\/Blog"}]},{"@type":"WebSite","@id":"https:\/\/www.automotivepr.com\/#website","url":"https:\/\/www.automotivepr.com\/","name":"Automotive Pr","description":"Driving Global Communications | Automotive PR is a global partnership of specialist communications agencies serving clients in every major automotive market.","publisher":{"@id":"https:\/\/www.automotivepr.com\/#organization"},"alternateName":"Automotive Pr Driving Global Communications","potentialAction":[{"@type":"SearchAction","target":{"@type":"EntryPoint","urlTemplate":"https:\/\/www.automotivepr.com\/?s={search_term_string}"},"query-input":{"@type":"PropertyValueSpecification","valueRequired":true,"valueName":"search_term_string"}}],"inLanguage":"de"},{"@type":"Organization","@id":"https:\/\/www.automotivepr.com\/#organization","name":"Automotive Pr","alternateName":"Automotive Pr Driving Global Communications","url":"https:\/\/www.automotivepr.com\/","logo":{"@type":"ImageObject","inLanguage":"de","@id":"https:\/\/www.automotivepr.com\/#\/schema\/logo\/image\/","url":"https:\/\/www.automotivepr.com\/wp-content\/uploads\/2024\/02\/prueba.png","contentUrl":"https:\/\/www.automotivepr.com\/wp-content\/uploads\/2024\/02\/prueba.png","width":415,"height":100,"caption":"Automotive Pr"},"image":{"@id":"https:\/\/www.automotivepr.com\/#\/schema\/logo\/image\/"}}]}},"_links":{"self":[{"href":"https:\/\/www.automotivepr.com\/de\/wp-json\/wp\/v2\/pages\/3086","targetHints":{"allow":["GET"]}}],"collection":[{"href":"https:\/\/www.automotivepr.com\/de\/wp-json\/wp\/v2\/pages"}],"about":[{"href":"https:\/\/www.automotivepr.com\/de\/wp-json\/wp\/v2\/types\/page"}],"author":[{"embeddable":true,"href":"https:\/\/www.automotivepr.com\/de\/wp-json\/wp\/v2\/users\/4"}],"replies":[{"embeddable":true,"href":"https:\/\/www.automotivepr.com\/de\/wp-json\/wp\/v2\/comments?post=3086"}],"version-history":[{"count":0,"href":"https:\/\/www.automotivepr.com\/de\/wp-json\/wp\/v2\/pages\/3086\/revisions"}],"wp:attachment":[{"href":"https:\/\/www.automotivepr.com\/de\/wp-json\/wp\/v2\/media?parent=3086"}],"curies":[{"name":"wp","href":"https:\/\/api.w.org\/{rel}","templated":true}]}}